{"id":86,"date":"2016-11-05T08:49:15","date_gmt":"2016-11-05T07:49:15","guid":{"rendered":"http:\/\/arser.org\/?page_id=86"},"modified":"2024-06-05T17:28:55","modified_gmt":"2024-06-05T15:28:55","slug":"temoignages-actualites-chroniques","status":"publish","type":"page","link":"https:\/\/arser.org\/en\/temoignages-actualites-chroniques\/","title":{"rendered":"Testimonials, Papers &#038; Chronicles"},"content":{"rendered":"<p>Below is a selection of testimonials, articles, extracts from publication or reflections of our specialists on the progress of the research and chronicles of Association life.<\/p>\n<p>Good reading&#8230;<\/p>\n<h3>Patient testimonials<\/h3>\n<div class=\"pt-cv-wrapper\"><div class=\"pt-cv-view pt-cv-grid pt-cv-colsys\" id=\"pt-cv-view-643abc1795\"><div data-id=\"pt-cv-page-1\" class=\"pt-cv-page\" data-cvc=\"2\"><div class=\"col-md-6 col-sm-6 col-xs-12 pt-cv-content-item pt-cv-1-col\" ><div class='pt-cv-ifield'><a href=\"https:\/\/arser.org\/en\/temoignage-comment-gerer-une-plaie-chronique-de-la-face-survenue-sur-une-sequelle-cutanee-radio-induite-ancienne-et-lapport-de-solutions-conservatrices\/\" class=\"_self pt-cv-href-thumbnail pt-cv-thumb-default\" target=\"_self\" ><\/a>\n<h4 class=\"pt-cv-title\"><a href=\"https:\/\/arser.org\/en\/temoignage-comment-gerer-une-plaie-chronique-de-la-face-survenue-sur-une-sequelle-cutanee-radio-induite-ancienne-et-lapport-de-solutions-conservatrices\/\" class=\"_self\" target=\"_self\" >Testimonial: How to manage a chronic wound of the face that occurred on an old radiation-induced skin sequelae&#8230; and the contribution of conservative solutions!<\/a><\/h4>\n<div class=\"pt-cv-content\">In 1967, when I was a teenager (15 years old), I was treated for embryonal sarcoma of the face (back ...<br \/><div class=\"pt-cv-rmwrap\"><a href=\"https:\/\/arser.org\/en\/temoignage-comment-gerer-une-plaie-chronique-de-la-face-survenue-sur-une-sequelle-cutanee-radio-induite-ancienne-et-lapport-de-solutions-conservatrices\/\" class=\"_self pt-cv-readmore btn btn-success\" target=\"_self\">Lire La Suite\u2026<\/a><\/div><\/div><\/div><\/div>\n<div class=\"col-md-6 col-sm-6 col-xs-12 pt-cv-content-item pt-cv-1-col\" ><div class='pt-cv-ifield'><a href=\"https:\/\/arser.org\/en\/edito\/\" class=\"_self pt-cv-href-thumbnail pt-cv-thumb-default\" target=\"_self\" ><\/a>\n<h4 class=\"pt-cv-title\"><a href=\"https:\/\/arser.org\/en\/edito\/\" class=\"_self\" target=\"_self\" >Osteoradionecrosis<\/a><\/h4>\n<div class=\"pt-cv-content\">Dear Members of ARSER, I testified during the French TV program &#8220;Allo Docteurs&#8221; on Monday May 23, 2016 on France ...<br \/><div class=\"pt-cv-rmwrap\"><a href=\"https:\/\/arser.org\/en\/edito\/\" class=\"_self pt-cv-readmore btn btn-success\" target=\"_self\">Lire La Suite\u2026<\/a><\/div><\/div><\/div><\/div>\n<div class=\"col-md-6 col-sm-6 col-xs-12 pt-cv-content-item pt-cv-1-col\" ><div class='pt-cv-ifield'><a href=\"https:\/\/arser.org\/en\/temoignage-radiculopathie\/\" class=\"_self pt-cv-href-thumbnail pt-cv-thumb-default\" target=\"_self\" ><\/a>\n<h4 class=\"pt-cv-title\"><a href=\"https:\/\/arser.org\/en\/temoignage-radiculopathie\/\" class=\"_self\" target=\"_self\" >Radiculopathy<\/a><\/h4>\n<div class=\"pt-cv-content\">First and foremost, I want to publicly acknowledge my thanks to Dr. Sylvie Delanian.\u00a0 Through her extreme competence, her ability ...<br \/><div class=\"pt-cv-rmwrap\"><a href=\"https:\/\/arser.org\/en\/temoignage-radiculopathie\/\" class=\"_self pt-cv-readmore btn btn-success\" target=\"_self\">Lire La Suite\u2026<\/a><\/div><\/div><\/div><\/div>\n<div class=\"col-md-6 col-sm-6 col-xs-12 pt-cv-content-item pt-cv-1-col\" ><div class='pt-cv-ifield'><a href=\"https:\/\/arser.org\/en\/temoignage-lymphoedeme-et-une-plexite-brachiale\/\" class=\"_self pt-cv-href-thumbnail pt-cv-thumb-default\" target=\"_self\" ><\/a>\n<h4 class=\"pt-cv-title\"><a href=\"https:\/\/arser.org\/en\/temoignage-lymphoedeme-et-une-plexite-brachiale\/\" class=\"_self\" target=\"_self\" >Lymphedema and brachial plexitis<\/a><\/h4>\n<div class=\"pt-cv-content\">The story of my illness and its evolution is not only medical; it has also nourished the professional and personal ...<br \/><div class=\"pt-cv-rmwrap\"><a href=\"https:\/\/arser.org\/en\/temoignage-lymphoedeme-et-une-plexite-brachiale\/\" class=\"_self pt-cv-readmore btn btn-success\" target=\"_self\">Lire La Suite\u2026<\/a><\/div><\/div><\/div><\/div>\n<div class=\"col-md-6 col-sm-6 col-xs-12 pt-cv-content-item pt-cv-1-col\" ><div class='pt-cv-ifield'><a href=\"https:\/\/arser.org\/en\/english-temoignage-radionecrose-du-sternum-sequelle-dune-radiotherapie-lors-du-traitement-dun-cancer-du-sein\/\" class=\"_self pt-cv-href-thumbnail pt-cv-thumb-default\" target=\"_self\" ><\/a>\n<h4 class=\"pt-cv-title\"><a href=\"https:\/\/arser.org\/en\/english-temoignage-radionecrose-du-sternum-sequelle-dune-radiotherapie-lors-du-traitement-dun-cancer-du-sein\/\" class=\"_self\" target=\"_self\" >Radionecrosis of the sternum after radiotherapy treatment for a breast cancer<\/a><\/h4>\n<div class=\"pt-cv-content\">Testimony of a rebirth and gratitude.\u00a0(Or a happy story after the assessment of a disabling radionecrosis of the sternum) I ...<br \/><div class=\"pt-cv-rmwrap\"><a href=\"https:\/\/arser.org\/en\/english-temoignage-radionecrose-du-sternum-sequelle-dune-radiotherapie-lors-du-traitement-dun-cancer-du-sein\/\" class=\"_self pt-cv-readmore btn btn-success\" target=\"_self\">Lire La Suite\u2026<\/a><\/div><\/div><\/div><\/div>\n<div class=\"col-md-6 col-sm-6 col-xs-12 pt-cv-content-item pt-cv-1-col\" ><div class='pt-cv-ifield'><a href=\"https:\/\/arser.org\/en\/plexopathie-brachiale-radio-induite-et-pathologie-vasculaire-cachee\/\" class=\"_self pt-cv-href-thumbnail pt-cv-thumb-default\" target=\"_self\" ><\/a>\n<h4 class=\"pt-cv-title\"><a href=\"https:\/\/arser.org\/en\/plexopathie-brachiale-radio-induite-et-pathologie-vasculaire-cachee\/\" class=\"_self\" target=\"_self\" >Radio-induced plexopathy and hidden vascular pathology<\/a><\/h4>\n<div class=\"pt-cv-content\">In 2003, I underwent surgery for right breast cancer, then was treated with chemotherapy and radiotherapy, in particular in the ...<br \/><div class=\"pt-cv-rmwrap\"><a href=\"https:\/\/arser.org\/en\/plexopathie-brachiale-radio-induite-et-pathologie-vasculaire-cachee\/\" class=\"_self pt-cv-readmore btn btn-success\" target=\"_self\">Lire La Suite\u2026<\/a><\/div><\/div><\/div><\/div>\n<div class=\"col-md-6 col-sm-6 col-xs-12 pt-cv-content-item pt-cv-1-col\" ><div class='pt-cv-ifield'><a href=\"https:\/\/arser.org\/en\/plexopathie-lombo-sacree\/\" class=\"_self pt-cv-href-thumbnail pt-cv-thumb-default\" target=\"_self\" ><\/a>\n<h4 class=\"pt-cv-title\"><a href=\"https:\/\/arser.org\/en\/plexopathie-lombo-sacree\/\" class=\"_self\" target=\"_self\" >Lumbosacral plexopathy<\/a><\/h4>\n<div class=\"pt-cv-content\">Treated for 3 years by doctor Sylvie DELANIAN, I wish to attest to the improvement of my health. First my ...<br \/><div class=\"pt-cv-rmwrap\"><a href=\"https:\/\/arser.org\/en\/plexopathie-lombo-sacree\/\" class=\"_self pt-cv-readmore btn btn-success\" target=\"_self\">Lire La Suite\u2026<\/a><\/div><\/div><\/div><\/div><\/div><\/div><\/div>\n<h3>Papers, congresses, TV et editorials<\/h3>\n<div class=\"pt-cv-wrapper\"><div class=\"pt-cv-view pt-cv-grid pt-cv-colsys\" id=\"pt-cv-view-7faee0doex\"><div data-id=\"pt-cv-page-1\" class=\"pt-cv-page\" data-cvc=\"2\"><div class=\"col-md-6 col-sm-6 col-xs-12 pt-cv-content-item pt-cv-1-col\" ><div class='pt-cv-ifield'><h4 class=\"pt-cv-title\"><a href=\"https:\/\/arser.org\/en\/un-petit-guide-de-survie-au-quotidien\/\" class=\"_self\" target=\"_self\" >A short daily survival guide<\/a><\/h4>\n<div class=\"pt-cv-content\">A patient, currently undergoing an ENT radiotherapy or having just undergone one, will be keen to have as impeccable oral ...<br \/><div class=\"pt-cv-rmwrap\"><a href=\"https:\/\/arser.org\/en\/un-petit-guide-de-survie-au-quotidien\/\" class=\"_self pt-cv-readmore btn btn-success\" target=\"_self\">Lire La Suite<\/a><\/div><\/div>\n<div class=\"pt-cv-meta-fields\"><span class=\"entry-date\"> <time datetime=\"2025-06-02T17:32:53+00:00\">2 June 2025<\/time><\/span><\/div><\/div><\/div>\n<div class=\"col-md-6 col-sm-6 col-xs-12 pt-cv-content-item pt-cv-1-col\" ><div class='pt-cv-ifield'><h4 class=\"pt-cv-title\"><a href=\"https:\/\/arser.org\/en\/surirradiation-a-propos-du-proces-depinal\/\" class=\"_self\" target=\"_self\" >Surirradiation : \u00e0 propos du proc\u00e8s d\u2019\u00c9pinal\u2026 (+ Vid\u00e9o)<\/a><\/h4>\n<div class=\"pt-cv-content\">\u00c0 propos du proc\u00e8s d\u2019\u00c9pinal (ouverture le 24 septembre 2012) qui pourrait \u00e9gratigner un peu la radioth\u00e9rapie fran\u00e7aise, il me ...<br \/><div class=\"pt-cv-rmwrap\"><a href=\"https:\/\/arser.org\/en\/surirradiation-a-propos-du-proces-depinal\/\" class=\"_self pt-cv-readmore btn btn-success\" target=\"_self\">Lire La Suite<\/a><\/div><\/div>\n<div class=\"pt-cv-meta-fields\"><span class=\"entry-date\"> <time datetime=\"2012-09-24T08:41:11+00:00\">24 September 2012<\/time><\/span><\/div><\/div><\/div>\n<div class=\"col-md-6 col-sm-6 col-xs-12 pt-cv-content-item pt-cv-1-col\" ><div class='pt-cv-ifield'><h4 class=\"pt-cv-title\"><a href=\"https:\/\/arser.org\/en\/ultime-sequelle-tardive-de-la-radiotherapie-la-plexite-radio-induite-1ere-partie\/\" class=\"_self\" target=\"_self\" >Ultime s\u00e9quelle tardive de la radioth\u00e9rapie : la plexite radio-induite (1\u00e8re partie)<\/a><\/h4>\n<div class=\"pt-cv-content\">Quotidien du M\u00e9decin du 20\/09\/2012 &#8211; Sylvie DELANIAN Praticien Hospitalier Correspondance : Dr Sylvie DELANIAN. Radiopathologie. Service d\u2019Oncologie-Radioth\u00e9rapie, H\u00f4pital Saint-Louis, ...<br \/><div class=\"pt-cv-rmwrap\"><a href=\"https:\/\/arser.org\/en\/ultime-sequelle-tardive-de-la-radiotherapie-la-plexite-radio-induite-1ere-partie\/\" class=\"_self pt-cv-readmore btn btn-success\" target=\"_self\">Lire La Suite<\/a><\/div><\/div>\n<div class=\"pt-cv-meta-fields\"><span class=\"entry-date\"> <time datetime=\"2012-09-20T08:45:44+00:00\">20 September 2012<\/time><\/span><\/div><\/div><\/div>\n<div class=\"col-md-6 col-sm-6 col-xs-12 pt-cv-content-item pt-cv-1-col\" ><div class='pt-cv-ifield'><h4 class=\"pt-cv-title\"><a href=\"https:\/\/arser.org\/en\/ultime-sequelle-tardive-de-la-radiotherapie-la-plexite-radio-induite-2eme-partie\/\" class=\"_self\" target=\"_self\" >Ultime s\u00e9quelle tardive de la radioth\u00e9rapie : la plexite radio-induite (2\u00e8me partie)<\/a><\/h4>\n<div class=\"pt-cv-content\">Quotidien du M\u00e9decin du 24\/09\/2012 &#8211; Sylvie DELANIAN Praticien Hospitalier Correspondance : Dr Sylvie DELANIAN. Radiopathologie. Service d\u2019Oncologie-Radioth\u00e9rapie, H\u00f4pital Saint-Louis, ...<br \/><div class=\"pt-cv-rmwrap\"><a href=\"https:\/\/arser.org\/en\/ultime-sequelle-tardive-de-la-radiotherapie-la-plexite-radio-induite-2eme-partie\/\" class=\"_self pt-cv-readmore btn btn-success\" target=\"_self\">Lire La Suite<\/a><\/div><\/div>\n<div class=\"pt-cv-meta-fields\"><span class=\"entry-date\"> <time datetime=\"2012-09-24T08:01:24+00:00\">24 September 2012<\/time><\/span><\/div><\/div><\/div>\n<div class=\"col-md-6 col-sm-6 col-xs-12 pt-cv-content-item pt-cv-1-col\" ><div class='pt-cv-ifield'><h4 class=\"pt-cv-title\"><a href=\"https:\/\/arser.org\/en\/effets-secondaires-systematiques\/\" class=\"_self\" target=\"_self\" >Allo Docteurs sur France 5 (Vid\u00e9o) &#8211; <a class=\"spip_out\" href=\"http:\/\/www.allodocteurs.fr\/actualite-sante-radiotherapie-l-apparition-d-effets-secondaires-est-elle-systematique--5397.asp?1=1%20target=blank\" target=\"_blank\" rel=\"external\">Effets secondaires syst\u00e9matiques\u00a0?<\/a><\/a><\/h4>\n<div class=\"pt-cv-content\">Le 14 novembre 2011, le pr\u00e9sident Herv\u00e9 Lionel-Marie et le Dr Sylvie Delanian ont pr\u00e9sent\u00e9, lors de l\u2019\u00e9mission Allo Docteurs ...<br \/><div class=\"pt-cv-rmwrap\"><a href=\"https:\/\/arser.org\/en\/effets-secondaires-systematiques\/\" class=\"_self pt-cv-readmore btn btn-success\" target=\"_self\">Lire La Suite<\/a><\/div><\/div>\n<div class=\"pt-cv-meta-fields\"><span class=\"entry-date\"> <time datetime=\"2011-11-14T12:38:55+00:00\">14 November 2011<\/time><\/span><\/div><\/div><\/div>\n<div class=\"col-md-6 col-sm-6 col-xs-12 pt-cv-content-item pt-cv-1-col\" ><div class='pt-cv-ifield'><h4 class=\"pt-cv-title\"><a href=\"https:\/\/arser.org\/en\/373\/\" class=\"_self\" target=\"_self\" >Allo Docteurs sur France 5 (Vid\u00e9o) &#8211; <a class=\"spip_out\" href=\"http:\/\/www.allodocteurs.fr\/actualite-sante-radiotherapie-de-bons-ou-de-mauvais-rayons--1744.asp?1=1%20target=blank\" target=\"_blank\" rel=\"external\">Radioth\u00e9rapie\u00a0: de bons ou de mauvais rayons\u00a0?<\/a><\/a><\/h4>\n<div class=\"pt-cv-content\">Le 14 novembre 2011, le pr\u00e9sident Herv\u00e9 Lionel-Marie et le Dr Sylvie Delanian ont pr\u00e9sent\u00e9, lors de l\u2019\u00e9mission Allo Docteurs ...<br \/><div class=\"pt-cv-rmwrap\"><a href=\"https:\/\/arser.org\/en\/373\/\" class=\"_self pt-cv-readmore btn btn-success\" target=\"_self\">Lire La Suite<\/a><\/div><\/div>\n<div class=\"pt-cv-meta-fields\"><span class=\"entry-date\"> <time datetime=\"2011-11-14T12:39:29+00:00\">14 November 2011<\/time><\/span><\/div><\/div><\/div>\n<div class=\"col-md-6 col-sm-6 col-xs-12 pt-cv-content-item pt-cv-1-col\" ><div class='pt-cv-ifield'><h4 class=\"pt-cv-title\"><a href=\"https:\/\/arser.org\/en\/allo-docteurs-sur-france-5-le-14-novembre-2011-quels-effets-secondaires\/\" class=\"_self\" target=\"_self\" >Allo Docteurs sur France 5 (Vid\u00e9o) &#8211; <a class=\"spip_out\" href=\"http:\/\/www.allodocteurs.fr\/actualite-sante-radiotherapie-quels-effets-secondaires--5394.asp?1=1%20target=blank\" target=\"_blank\" rel=\"external\">Quels effets secondaires ?<\/a><\/a><\/h4>\n<div class=\"pt-cv-content\">Le 14 novembre 2011, le pr\u00e9sident Herv\u00e9 Lionel-Marie et le Dr Sylvie Delanian ont pr\u00e9sent\u00e9, lors de l\u2019\u00e9mission Allo Docteurs ...<br \/><div class=\"pt-cv-rmwrap\"><a href=\"https:\/\/arser.org\/en\/allo-docteurs-sur-france-5-le-14-novembre-2011-quels-effets-secondaires\/\" class=\"_self pt-cv-readmore btn btn-success\" target=\"_self\">Lire La Suite<\/a><\/div><\/div>\n<div class=\"pt-cv-meta-fields\"><span class=\"entry-date\"> <time datetime=\"2011-11-14T12:37:21+00:00\">14 November 2011<\/time><\/span><\/div><\/div><\/div>\n<div class=\"col-md-6 col-sm-6 col-xs-12 pt-cv-content-item pt-cv-1-col\" ><div class='pt-cv-ifield'><h4 class=\"pt-cv-title\"><a href=\"https:\/\/arser.org\/en\/allo-docteurs-sur-france-5-le-14-novembre-2011-la-radiotherapie-peut-elle-toucher-dautres-organes\/\" class=\"_self\" target=\"_self\" >Allo Docteurs sur France 5 (Vid\u00e9o) &#8211; <a class=\"spip_out\" href=\"http:\/\/www.allodocteurs.fr\/actualite-sante-la-radiotherapie-peut-elle-toucher-d-autres-organes-que-celui-traite--5393.asp?1=1%20target=blank\" target=\"_blank\" rel=\"external\">La radioth\u00e9rapie peut-elle toucher d\u2019autres organes ?<\/a><\/a><\/h4>\n<div class=\"pt-cv-content\">Le 14 novembre 2011, le pr\u00e9sident Herv\u00e9 Lionel-Marie et le Dr Sylvie Delanian ont pr\u00e9sent\u00e9, lors de l\u2019\u00e9mission Allo Docteurs ...<br \/><div class=\"pt-cv-rmwrap\"><a href=\"https:\/\/arser.org\/en\/allo-docteurs-sur-france-5-le-14-novembre-2011-la-radiotherapie-peut-elle-toucher-dautres-organes\/\" class=\"_self pt-cv-readmore btn btn-success\" target=\"_self\">Lire La Suite<\/a><\/div><\/div>\n<div class=\"pt-cv-meta-fields\"><span class=\"entry-date\"> <time datetime=\"2011-11-14T12:36:39+00:00\">14 November 2011<\/time><\/span><\/div><\/div><\/div>\n<div class=\"col-md-6 col-sm-6 col-xs-12 pt-cv-content-item pt-cv-1-col\" ><div class='pt-cv-ifield'><h4 class=\"pt-cv-title\"><a href=\"https:\/\/arser.org\/en\/allo-docteurs-sur-france-5-le-14-novembre-2011-quels-sont-les-dangers-dune-sur-irradiation\/\" class=\"_self\" target=\"_self\" >Allo Docteurs sur France 5 (Vid\u00e9o) &#8211; <a class=\"spip_out\" href=\"http:\/\/www.allodocteurs.fr\/actualite-sante-radiotherapie-quels-sont-les-dangers-d-une-sur-irradiation--8192.asp?1=1%20target=blank\" target=\"_blank\" rel=\"external\">Quels sont les dangers d\u2019une sur-irradiation ?<\/a><\/a><\/h4>\n<div class=\"pt-cv-content\">Le 14 novembre 2011, le pr\u00e9sident Herv\u00e9 Lionel-Marie et le Dr Sylvie Delanian ont pr\u00e9sent\u00e9, lors de l\u2019\u00e9mission Allo Docteurs ...<br \/><div class=\"pt-cv-rmwrap\"><a href=\"https:\/\/arser.org\/en\/allo-docteurs-sur-france-5-le-14-novembre-2011-quels-sont-les-dangers-dune-sur-irradiation\/\" class=\"_self pt-cv-readmore btn btn-success\" target=\"_self\">Lire La Suite<\/a><\/div><\/div>\n<div class=\"pt-cv-meta-fields\"><span class=\"entry-date\"> <time datetime=\"2011-11-14T12:35:42+00:00\">14 November 2011<\/time><\/span><\/div><\/div><\/div>\n<div class=\"col-md-6 col-sm-6 col-xs-12 pt-cv-content-item pt-cv-1-col\" ><div class='pt-cv-ifield'><h4 class=\"pt-cv-title\"><a href=\"https:\/\/arser.org\/en\/allo-docteurs-sur-france-5-le-14-novembre-2011-comment-limiter-les-effets-secondaires\/\" class=\"_self\" target=\"_self\" >Allo Docteurs sur France 5 (Vid\u00e9o) &#8211; <a class=\"spip_out\" href=\"http:\/\/www.allodocteurs.fr\/actualite-sante-comment-limiter-les-effets-secondaires-de-la-radiotherapie--5396.asp?1=1%20target=blank\" target=\"_blank\" rel=\"external\">Comment limiter les effets secondaires ?<\/a><\/a><\/h4>\n<div class=\"pt-cv-content\">Le 14 novembre 2011, le pr\u00e9sident Herv\u00e9 Lionel-Marie et le Dr Sylvie Delanian ont pr\u00e9sent\u00e9, lors de l\u2019\u00e9mission Allo Docteurs ...<br \/><div class=\"pt-cv-rmwrap\"><a href=\"https:\/\/arser.org\/en\/allo-docteurs-sur-france-5-le-14-novembre-2011-comment-limiter-les-effets-secondaires\/\" class=\"_self pt-cv-readmore btn btn-success\" target=\"_self\">Lire La Suite<\/a><\/div><\/div>\n<div class=\"pt-cv-meta-fields\"><span class=\"entry-date\"> <time datetime=\"2011-11-14T12:34:37+00:00\">14 November 2011<\/time><\/span><\/div><\/div><\/div>\n<div class=\"col-md-6 col-sm-6 col-xs-12 pt-cv-content-item pt-cv-1-col\" ><div class='pt-cv-ifield'><h4 class=\"pt-cv-title\"><a href=\"https:\/\/arser.org\/en\/allo-docteurs-sur-france-5-le-14-novembre-2011-quel-est-le-role-de-lassociation-arser\/\" class=\"_self\" target=\"_self\" >Allo Docteurs sur France 5 (Vid\u00e9o) &#8211; <a class=\"spip_out\" href=\"http:\/\/www.allodocteurs.fr\/actualite-sante-radiotherapie-quel-est-le-role-de-l-association-arser--5539.asp?1=1%20target=blank\" target=\"_blank\" rel=\"external\">Quel est le r\u00f4le de l\u2019Association ARSER ?<\/a><\/a><\/h4>\n<div class=\"pt-cv-content\">Le 14 novembre 2011, le pr\u00e9sident Herv\u00e9 Lionel-Marie et le Dr Sylvie Delanian ont pr\u00e9sent\u00e9, lors de l\u2019\u00e9mission Allo Docteurs ...<br \/><div class=\"pt-cv-rmwrap\"><a href=\"https:\/\/arser.org\/en\/allo-docteurs-sur-france-5-le-14-novembre-2011-quel-est-le-role-de-lassociation-arser\/\" class=\"_self pt-cv-readmore btn btn-success\" target=\"_self\">Lire La Suite<\/a><\/div><\/div>\n<div class=\"pt-cv-meta-fields\"><span class=\"entry-date\"> <time datetime=\"2011-11-14T12:33:31+00:00\">14 November 2011<\/time><\/span><\/div><\/div><\/div>\n<div class=\"col-md-6 col-sm-6 col-xs-12 pt-cv-content-item pt-cv-1-col\" ><div class='pt-cv-ifield'><h4 class=\"pt-cv-title\"><a href=\"https:\/\/arser.org\/en\/mardi-30-mai-2017-le-pr-sylvie-delanian-en-direct-sur-france-5\/\" class=\"_self\" target=\"_self\" >Le Pr Sylvie DELANIAN en direct sur &#8220;All\u00f4 Docteurs&#8221; France 5<\/a><\/h4>\n<div class=\"pt-cv-content\">A revoir en Replay : http:\/\/www.allodocteurs.fr\/emissions\/allo-docteurs\/allo-docteurs-du-30-05-2017_26326.html L\u2019\u00e9mission ALL\u00d4 DOCTEURS, du mardi 30 mai sur France 5, a \u00e9t\u00e9 consacr\u00e9e aux ...<br \/><div class=\"pt-cv-rmwrap\"><a href=\"https:\/\/arser.org\/en\/mardi-30-mai-2017-le-pr-sylvie-delanian-en-direct-sur-france-5\/\" class=\"_self pt-cv-readmore btn btn-success\" target=\"_self\">Lire La Suite<\/a><\/div><\/div>\n<div class=\"pt-cv-meta-fields\"><span class=\"entry-date\"> <time datetime=\"2017-05-30T17:29:22+00:00\">30 May 2017<\/time><\/span><\/div><\/div><\/div>\n<div class=\"col-md-6 col-sm-6 col-xs-12 pt-cv-content-item pt-cv-1-col\" ><div class='pt-cv-ifield'><h4 class=\"pt-cv-title\"><a href=\"https:\/\/arser.org\/en\/emotion-et-satisfaction\/\" class=\"_self\" target=\"_self\" >Des s\u00e9quelles radio-induites reconnues &#8220;maladie rares&#8221;<\/a><\/h4>\n<div class=\"pt-cv-content\">Lors de notre derni\u00e8re Assembl\u00e9e G\u00e9n\u00e9rale du 26 mai 2018, Roselyne NICOLAS, Responsable des Relations ext\u00e9rieures de l\u2019ARSER, nous a ...<br \/><div class=\"pt-cv-rmwrap\"><a href=\"https:\/\/arser.org\/en\/emotion-et-satisfaction\/\" class=\"_self pt-cv-readmore btn btn-success\" target=\"_self\">Lire La Suite<\/a><\/div><\/div>\n<div class=\"pt-cv-meta-fields\"><span class=\"entry-date\"> <time datetime=\"2018-10-17T16:53:58+00:00\">17 October 2018<\/time><\/span><\/div><\/div><\/div>\n<div class=\"col-md-6 col-sm-6 col-xs-12 pt-cv-content-item pt-cv-1-col\" ><div class='pt-cv-ifield'><h4 class=\"pt-cv-title\"><a href=\"https:\/\/arser.org\/en\/psychosomatique-integrative-interrogations-psychosomatiques-en-oncologie\/\" class=\"_self\" target=\"_self\" >Integrative Psychosomatic &#8211; Psychosomatic Questions in Oncology<\/a><\/h4>\n<div class=\"pt-cv-content\">Issue #11 of Psychosomatique Int\u00e9grative journal (French) &#8211; 11 june 2022 ...<br \/><div class=\"pt-cv-rmwrap\"><a href=\"https:\/\/arser.org\/en\/psychosomatique-integrative-interrogations-psychosomatiques-en-oncologie\/\" class=\"_self pt-cv-readmore btn btn-success\" target=\"_self\">Lire La Suite<\/a><\/div><\/div>\n<div class=\"pt-cv-meta-fields\"><span class=\"entry-date\"> <time datetime=\"2022-11-16T23:56:05+00:00\">16 November 2022<\/time><\/span><\/div><\/div><\/div>\n<div class=\"col-md-6 col-sm-6 col-xs-12 pt-cv-content-item pt-cv-1-col\" ><div class='pt-cv-ifield'><h4 class=\"pt-cv-title\"><a href=\"https:\/\/arser.org\/en\/une-radiotherapie-sans-complication-a-t-elle-vu-le-jour\/\" class=\"_self\" target=\"_self\" >Has \u00ab complication-free \u00bb radiotherapy emerged?<\/a><\/h4>\n<div class=\"pt-cv-content\">by Marie-Catherine Vozenin, Head of the CHUV Radiation Oncology Laboratory | Vaud University Hospital Center Associate Professor at the Radio-Oncology ...<br \/><div class=\"pt-cv-rmwrap\"><a href=\"https:\/\/arser.org\/en\/une-radiotherapie-sans-complication-a-t-elle-vu-le-jour\/\" class=\"_self pt-cv-readmore btn btn-success\" target=\"_self\">Lire La Suite<\/a><\/div><\/div>\n<div class=\"pt-cv-meta-fields\"><span class=\"entry-date\"> <time datetime=\"2022-09-21T17:15:13+00:00\">21 September 2022<\/time><\/span><\/div><\/div><\/div>\n<div class=\"col-md-6 col-sm-6 col-xs-12 pt-cv-content-item pt-cv-1-col\" ><div class='pt-cv-ifield'><h4 class=\"pt-cv-title\"><a href=\"https:\/\/arser.org\/en\/intelligence-artificielle-et-progres-medical\/\" class=\"_self\" target=\"_self\" >Artificial intelligence and medical progress (machine translation of French editorial)<\/a><\/h4>\n<div class=\"pt-cv-content\">by Jean-Pierre Briot Emeritus Research Director, CNRS \u2013 Sorbonne University Member of the ARSER Board The purpose of this editorial ...<br \/><div class=\"pt-cv-rmwrap\"><a href=\"https:\/\/arser.org\/en\/intelligence-artificielle-et-progres-medical\/\" class=\"_self pt-cv-readmore btn btn-success\" target=\"_self\">Lire La Suite<\/a><\/div><\/div>\n<div class=\"pt-cv-meta-fields\"><span class=\"entry-date\"> <time datetime=\"2023-05-02T19:12:38+00:00\">2 May 2023<\/time><\/span><\/div><\/div><\/div>\n<div class=\"col-md-6 col-sm-6 col-xs-12 pt-cv-content-item pt-cv-1-col\" ><div class='pt-cv-ifield'><h4 class=\"pt-cv-title\"><a href=\"https:\/\/arser.org\/en\/conference-du-11-juin-2022-a-la-societe-de-psychosomatique-integrative-interrogations-psychosomatiques-en-oncologie-par-le-pr-sylvie-delanian\/\" class=\"_self\" target=\"_self\" >Lecture on 12\/06\/2022 by P<sup>r<\/sup> Sylvie Delanian &#8220;Interrogations Psychosomatiques en Oncologie&#8221;<\/a><\/h4>\n<div class=\"pt-cv-content\">Lecture on 12\/06\/2022 by Pr Sylvie Delanian &#8220;Interrogations Psychosomatiques en Oncologie&#8221; ...<br \/><div class=\"pt-cv-rmwrap\"><a href=\"https:\/\/arser.org\/en\/conference-du-11-juin-2022-a-la-societe-de-psychosomatique-integrative-interrogations-psychosomatiques-en-oncologie-par-le-pr-sylvie-delanian\/\" class=\"_self pt-cv-readmore btn btn-success\" target=\"_self\">Lire La Suite<\/a><\/div><\/div>\n<div class=\"pt-cv-meta-fields\"><span class=\"entry-date\"> <time datetime=\"2022-06-20T15:49:22+00:00\">20 June 2022<\/time><\/span><\/div><\/div><\/div>\n<div class=\"col-md-6 col-sm-6 col-xs-12 pt-cv-content-item pt-cv-1-col\" ><div class='pt-cv-ifield'><h4 class=\"pt-cv-title\"><a href=\"https:\/\/arser.org\/en\/le-professeur-sylvie-delanian-presidente-de-larser-en-direct-sur-france-5\/\" class=\"_self\" target=\"_self\" >Mardi 30 mai, le Professeur Sylvie DELANIAN en direct sur France 5.<\/a><\/h4>\n<div class=\"pt-cv-content\">Mardi 30 mai 2017 \u00e0 14 h, l\u2019\u00e9mission ALL\u00d4 DOCTEURS, sur France 5, sera consacr\u00e9e aux effets secondaires de la ...<br \/><div class=\"pt-cv-rmwrap\"><a href=\"https:\/\/arser.org\/en\/le-professeur-sylvie-delanian-presidente-de-larser-en-direct-sur-france-5\/\" class=\"_self pt-cv-readmore btn btn-success\" target=\"_self\">Lire La Suite<\/a><\/div><\/div>\n<div class=\"pt-cv-meta-fields\"><span class=\"entry-date\"> <time datetime=\"2017-05-13T21:03:14+00:00\">13 May 2017<\/time><\/span><\/div><\/div><\/div>\n<div class=\"col-md-6 col-sm-6 col-xs-12 pt-cv-content-item pt-cv-1-col\" ><div class='pt-cv-ifield'><h4 class=\"pt-cv-title\"><a href=\"https:\/\/arser.org\/en\/un-traitement-innovant-le-pentoclo\/\" class=\"_self\" target=\"_self\" >Un traitement innovant : le PENTOCLO<\/a><\/h4>\n<div class=\"pt-cv-content\">Gr\u00e2ce \u00e0 une dotation budg\u00e9taire minist\u00e9rielle via l\u2019INCA (Institut National du Cancer), pour la premi\u00e8re fois une recherche clinique a ...<br \/><div class=\"pt-cv-rmwrap\"><a href=\"https:\/\/arser.org\/en\/un-traitement-innovant-le-pentoclo\/\" class=\"_self pt-cv-readmore btn btn-success\" target=\"_self\">Lire La Suite<\/a><\/div><\/div>\n<div class=\"pt-cv-meta-fields\"><span class=\"entry-date\"> <time datetime=\"2011-03-01T11:00:13+00:00\">1 March 2011<\/time><\/span><\/div><\/div><\/div>\n<div class=\"col-md-6 col-sm-6 col-xs-12 pt-cv-content-item pt-cv-1-col\" ><div class='pt-cv-ifield'><h4 class=\"pt-cv-title\"><a href=\"https:\/\/arser.org\/en\/cancer-que-de-progres\/\" class=\"_self\" target=\"_self\" >Cancer, que de progr\u00e8s<\/a><\/h4>\n<div class=\"pt-cv-content\">Dr Stephane VIGNES, MD.\u00a0Chef de Service de l\u2019Unit\u00e9 de Lymphologie, Centre de R\u00e9f\u00e9rence des maladies vasculaires rares H\u00f4pital Cognacq-Jay, 75015 ...<br \/><div class=\"pt-cv-rmwrap\"><a href=\"https:\/\/arser.org\/en\/cancer-que-de-progres\/\" class=\"_self pt-cv-readmore btn btn-success\" target=\"_self\">Lire La Suite<\/a><\/div><\/div>\n<div class=\"pt-cv-meta-fields\"><span class=\"entry-date\"> <time datetime=\"2014-05-27T15:30:24+00:00\">27 May 2014<\/time><\/span><\/div><\/div><\/div>\n<div class=\"col-md-6 col-sm-6 col-xs-12 pt-cv-content-item pt-cv-1-col\" ><div class='pt-cv-ifield'><h4 class=\"pt-cv-title\"><a href=\"https:\/\/arser.org\/en\/un-article-du-docteur-p-f-pradat-dans-la-revue-neurologique\/\" class=\"_self\" target=\"_self\" >Les complications neurologiques de la radioth\u00e9rapie. Pr P.F. Pradat dans la &#8220;Revue neurologique&#8221;<\/a><\/h4>\n<div class=\"pt-cv-content\">Ne manquez pas de lire l\u2019article que le docteur Pierre-Fran\u00e7ois Pradat vient de publier dans la &#8220;Revue neurologique&#8221;, principale revue ...<br \/><div class=\"pt-cv-rmwrap\"><a href=\"https:\/\/arser.org\/en\/un-article-du-docteur-p-f-pradat-dans-la-revue-neurologique\/\" class=\"_self pt-cv-readmore btn btn-success\" target=\"_self\">Lire La Suite<\/a><\/div><\/div>\n<div class=\"pt-cv-meta-fields\"><span class=\"entry-date\"> <time datetime=\"2012-07-27T08:40:38+00:00\">27 July 2012<\/time><\/span><\/div><\/div><\/div>\n<div class=\"col-md-6 col-sm-6 col-xs-12 pt-cv-content-item pt-cv-1-col\" ><div class='pt-cv-ifield'><h4 class=\"pt-cv-title\"><a href=\"https:\/\/arser.org\/en\/orn-osteoradionecrose-mandibulaire-de-bonnes-nouvelles-pour-les-patients\/\" class=\"_self\" target=\"_self\" >Radioprotection<\/a><\/h4>\n<div class=\"pt-cv-content\">3\u00e8me\u00a0Rencontres Radioprotection dans le domaine m\u00e9dical :\u00a0Professionnels, usagers, tous concern\u00e9s. Lille, 14\/11\/2017 Le mardi 14 novembre 2017, se sont tenues ...<br \/><div class=\"pt-cv-rmwrap\"><a href=\"https:\/\/arser.org\/en\/orn-osteoradionecrose-mandibulaire-de-bonnes-nouvelles-pour-les-patients\/\" class=\"_self pt-cv-readmore btn btn-success\" target=\"_self\">Lire La Suite<\/a><\/div><\/div>\n<div class=\"pt-cv-meta-fields\"><span class=\"entry-date\"> <time datetime=\"2017-10-22T17:37:52+00:00\">22 October 2017<\/time><\/span><\/div><\/div><\/div>\n<div class=\"col-md-6 col-sm-6 col-xs-12 pt-cv-content-item pt-cv-1-col\" ><div class='pt-cv-ifield'><h4 class=\"pt-cv-title\"><a href=\"https:\/\/arser.org\/en\/on-guerit-de-mieux-en-mieux-les-cancers-mais\/\" class=\"_self\" target=\"_self\" >We are getting better and better at treating cancer, but&#8230; (+ Video)<\/a><\/h4>\n<div class=\"pt-cv-content\">&#8230;It is sometimes at the cost of complications of the treatments themselves. The side effects are more or less serious, ...<br \/><div class=\"pt-cv-rmwrap\"><a href=\"https:\/\/arser.org\/en\/on-guerit-de-mieux-en-mieux-les-cancers-mais\/\" class=\"_self pt-cv-readmore btn btn-success\" target=\"_self\">Lire La Suite<\/a><\/div><\/div>\n<div class=\"pt-cv-meta-fields\"><span class=\"entry-date\"> <time datetime=\"2010-11-23T08:41:22+00:00\">23 November 2010<\/time><\/span><\/div><\/div><\/div>\n<div class=\"col-md-6 col-sm-6 col-xs-12 pt-cv-content-item pt-cv-1-col\" ><div class='pt-cv-ifield'><h4 class=\"pt-cv-title\"><a href=\"https:\/\/arser.org\/en\/diagnostic-des-complications-de-la-radiotherapie\/\" class=\"_self\" target=\"_self\" >Diagnostic des complications de la radioth\u00e9rapie<\/a><\/h4>\n<div class=\"pt-cv-content\">Delanian Sylvie, Pradat Pierre-Fran\u00e7ois. Oncologie-Radioth\u00e9rapie, H\u00f4pital Saint-Louis, Assistance Publique-H\u00f4pitaux de Paris, Paris, France. \u00bb Cet article des Docteurs Sylvie Delanian ...<br \/><div class=\"pt-cv-rmwrap\"><a href=\"https:\/\/arser.org\/en\/diagnostic-des-complications-de-la-radiotherapie\/\" class=\"_self pt-cv-readmore btn btn-success\" target=\"_self\">Lire La Suite<\/a><\/div><\/div>\n<div class=\"pt-cv-meta-fields\"><span class=\"entry-date\"> <time datetime=\"2011-01-31T08:39:49+00:00\">31 January 2011<\/time><\/span><\/div><\/div><\/div>\n<div class=\"col-md-6 col-sm-6 col-xs-12 pt-cv-content-item pt-cv-1-col\" ><div class='pt-cv-ifield'><h4 class=\"pt-cv-title\"><a href=\"https:\/\/arser.org\/en\/en-marche-vers-une-radiotherapie-sans-sequelle\/\" class=\"_self\" target=\"_self\" >En marche vers une radioth\u00e9rapie sans s\u00e9quelle ?<\/a><\/h4>\n<div class=\"pt-cv-content\">Dr Marie-Catherine VOZENIN, PhD. Directeur du Laboratoire de Recherche en Radio-Oncologie. CHUV de Lausanne, Suisse. Ces derni\u00e8res d\u00e9cennies ont permis ...<br \/><div class=\"pt-cv-rmwrap\"><a href=\"https:\/\/arser.org\/en\/en-marche-vers-une-radiotherapie-sans-sequelle\/\" class=\"_self pt-cv-readmore btn btn-success\" target=\"_self\">Lire La Suite<\/a><\/div><\/div>\n<div class=\"pt-cv-meta-fields\"><span class=\"entry-date\"> <time datetime=\"2013-12-09T08:39:20+00:00\">9 December 2013<\/time><\/span><\/div><\/div><\/div><\/div><\/div><\/div>\n<h3>Chronicles and annals of Association life<\/h3>\n<p><div class=\"pt-cv-wrapper\"><div class=\"pt-cv-view pt-cv-grid pt-cv-colsys\" id=\"pt-cv-view-ca63072l0a\"><div data-id=\"pt-cv-page-1\" class=\"pt-cv-page\" data-cvc=\"2\"><div class=\"col-md-6 col-sm-6 col-xs-12 pt-cv-content-item pt-cv-1-col\" ><div class='pt-cv-ifield'><h4 class=\"pt-cv-title\"><a href=\"https:\/\/arser.org\/en\/hommage-a-jean-louis-lefaix\/\" class=\"_self\" target=\"_self\" >Tribute to Jean Louis LEFAIX<\/a><\/h4>\n<div class=\"pt-cv-content\">Our friend Jean-Louis LEFAIX, an illustrious researcher in French radiobiology and radiopathology, left us on February 15, 2025 at the ...<br \/><div class=\"pt-cv-rmwrap\"><a href=\"https:\/\/arser.org\/en\/hommage-a-jean-louis-lefaix\/\" class=\"_self pt-cv-readmore btn btn-success\" target=\"_self\">Lire La Suite<\/a><\/div><\/div>\n<div class=\"pt-cv-meta-fields\"><span class=\"entry-date\"> <time datetime=\"2025-02-24T15:43:07+00:00\">24 February 2025<\/time><\/span><\/div><\/div><\/div>\n<div class=\"col-md-6 col-sm-6 col-xs-12 pt-cv-content-item pt-cv-1-col\" ><div class='pt-cv-ifield'><h4 class=\"pt-cv-title\"><a href=\"https:\/\/arser.org\/en\/meilleurs-voeux\/\" class=\"_self\" target=\"_self\" ><!-- Editorial --><\/a><\/h4>\n<div class=\"pt-cv-content\">DUO EN MON JARDIN &#8220;Les chants d\u00e9sesp\u00e9r\u00e9s sont les chants les plus beaux Et j&#8217;en sais d\u2019immortels qui sont de ...<br \/><div class=\"pt-cv-rmwrap\"><a href=\"https:\/\/arser.org\/en\/meilleurs-voeux\/\" class=\"_self pt-cv-readmore btn btn-success\" target=\"_self\">Lire La Suite<\/a><\/div><\/div>\n<div class=\"pt-cv-meta-fields\"><span class=\"entry-date\"> <time datetime=\"2024-01-24T14:43:28+00:00\">24 January 2024<\/time><\/span><\/div><\/div><\/div>\n<div class=\"col-md-6 col-sm-6 col-xs-12 pt-cv-content-item pt-cv-1-col\" ><div class='pt-cv-ifield'><h4 class=\"pt-cv-title\"><a href=\"https:\/\/arser.org\/en\/compte-rendu-de-lassemblee-generale-ordinaire-du-6-avril-2024\/\" class=\"_self\" target=\"_self\" >(Fran\u00e7ais) Compte-rendu de L\u2019ASSEMBLEE GENERALE ORDINAIRE du 6 avril 2024<\/a><\/h4>\n<div class=\"pt-cv-content\">Sorry, this entry is only available in Fran\u00e7ais. Les membres de l\u2019Association ont \u00e9t\u00e9 convoqu\u00e9s par courrier \u00e9lectronique le 03 ...<br \/><div class=\"pt-cv-rmwrap\"><a href=\"https:\/\/arser.org\/en\/compte-rendu-de-lassemblee-generale-ordinaire-du-6-avril-2024\/\" class=\"_self pt-cv-readmore btn btn-success\" target=\"_self\">Lire La Suite<\/a><\/div><\/div>\n<div class=\"pt-cv-meta-fields\"><span class=\"entry-date\"> <time datetime=\"2024-05-07T20:23:37+00:00\">7 May 2024<\/time><\/span><\/div><\/div><\/div>\n<div class=\"col-md-6 col-sm-6 col-xs-12 pt-cv-content-item pt-cv-1-col\" ><div class='pt-cv-ifield'><h4 class=\"pt-cv-title\"><a href=\"https:\/\/arser.org\/en\/compte-rendu-de-lassemblee-generale-ordinaire-du-22-avril-2023\/\" class=\"_self\" target=\"_self\" >(Fran\u00e7ais) Compte-rendu de L\u2019ASSEMBLEE GENERALE ORDINAIRE du 22 avril 2023<\/a><\/h4>\n<div class=\"pt-cv-content\">Sorry, this entry is only available in Fran\u00e7ais. Les membres de l\u2019Association ont \u00e9t\u00e9 convoqu\u00e9s par courrier \u00e9lectronique le 03 ...<br \/><div class=\"pt-cv-rmwrap\"><a href=\"https:\/\/arser.org\/en\/compte-rendu-de-lassemblee-generale-ordinaire-du-22-avril-2023\/\" class=\"_self pt-cv-readmore btn btn-success\" target=\"_self\">Lire La Suite<\/a><\/div><\/div>\n<div class=\"pt-cv-meta-fields\"><span class=\"entry-date\"> <time datetime=\"2023-05-10T18:44:03+00:00\">10 May 2023<\/time><\/span><\/div><\/div><\/div>\n<div class=\"col-md-6 col-sm-6 col-xs-12 pt-cv-content-item pt-cv-1-col\" ><div class='pt-cv-ifield'><h4 class=\"pt-cv-title\"><a href=\"https:\/\/arser.org\/en\/medicament-clastoban\/\" class=\"_self\" target=\"_self\" >CLASTOBAN 800 mg drug available again<\/a><\/h4>\n<div class=\"pt-cv-content\">At the end of May 2019, the BioProjet Laboratory announced to us that, in all city pharmacies, CLASTOBAN 800 mg, ...<br \/><div class=\"pt-cv-rmwrap\"><a href=\"https:\/\/arser.org\/en\/medicament-clastoban\/\" class=\"_self pt-cv-readmore btn btn-success\" target=\"_self\">Lire La Suite<\/a><\/div><\/div>\n<div class=\"pt-cv-meta-fields\"><span class=\"entry-date\"> <time datetime=\"2019-06-05T17:44:24+00:00\">5 June 2019<\/time><\/span><\/div><\/div><\/div>\n<div class=\"col-md-6 col-sm-6 col-xs-12 pt-cv-content-item pt-cv-1-col\" ><div class='pt-cv-ifield'><h4 class=\"pt-cv-title\"><a href=\"https:\/\/arser.org\/en\/compte-rendu-de-lassemblee-generale-extraordinaire-du-12-fevrier-2022\/\" class=\"_self\" target=\"_self\" >(Fran\u00e7ais) Compte-rendu de l\u2019Assembl\u00e9e G\u00e9n\u00e9rale Extraordinaire du 12 f\u00e9vrier 2022<\/a><\/h4>\n<div class=\"pt-cv-content\">Sorry, this entry is only available in Fran\u00e7ais. Les membres de l\u2019Association ont \u00e9t\u00e9 convoqu\u00e9s par courrier \u00e9lectronique le 10 ...<br \/><div class=\"pt-cv-rmwrap\"><a href=\"https:\/\/arser.org\/en\/compte-rendu-de-lassemblee-generale-extraordinaire-du-12-fevrier-2022\/\" class=\"_self pt-cv-readmore btn btn-success\" target=\"_self\">Lire La Suite<\/a><\/div><\/div>\n<div class=\"pt-cv-meta-fields\"><span class=\"entry-date\"> <time datetime=\"2022-03-08T11:51:59+00:00\">8 March 2022<\/time><\/span><\/div><\/div><\/div>\n<div class=\"col-md-6 col-sm-6 col-xs-12 pt-cv-content-item pt-cv-1-col\" ><div class='pt-cv-ifield'><h4 class=\"pt-cv-title\"><a href=\"https:\/\/arser.org\/en\/compte-rendu-de-lassemblee-generale-du-31-mai-2021\/\" class=\"_self\" target=\"_self\" >(Fran\u00e7ais) Compte-rendu de l\u2019Assembl\u00e9e G\u00e9n\u00e9rale du 31 Mai 2021<\/a><\/h4>\n<div class=\"pt-cv-content\">Sorry, this entry is only available in Fran\u00e7ais. Les membres de l\u2019Association ont \u00e9t\u00e9 convoqu\u00e9s par courrier \u00e9lectronique le 11\/05\/2021 ...<br \/><div class=\"pt-cv-rmwrap\"><a href=\"https:\/\/arser.org\/en\/compte-rendu-de-lassemblee-generale-du-31-mai-2021\/\" class=\"_self pt-cv-readmore btn btn-success\" target=\"_self\">Lire La Suite<\/a><\/div><\/div>\n<div class=\"pt-cv-meta-fields\"><span class=\"entry-date\"> <time datetime=\"2022-03-08T01:07:21+00:00\">8 March 2022<\/time><\/span><\/div><\/div><\/div>\n<div class=\"col-md-6 col-sm-6 col-xs-12 pt-cv-content-item pt-cv-1-col\" ><div class='pt-cv-ifield'><h4 class=\"pt-cv-title\"><a href=\"https:\/\/arser.org\/en\/english-assemblee-generale-2020\/\" class=\"_self\" target=\"_self\" >GENERAL ASSEMBLY November 9, 2020<\/a><\/h4>\n<div class=\"pt-cv-content\">The ARSER General Assembly will take place Monday, November 9, 2020 from 2:30 p.m. to 5:30 p.m. via teleconference. Due ...<br \/><div class=\"pt-cv-rmwrap\"><a href=\"https:\/\/arser.org\/en\/english-assemblee-generale-2020\/\" class=\"_self pt-cv-readmore btn btn-success\" target=\"_self\">Lire La Suite<\/a><\/div><\/div>\n<div class=\"pt-cv-meta-fields\"><span class=\"entry-date\"> <time datetime=\"2020-05-29T18:39:57+00:00\">29 May 2020<\/time><\/span><\/div><\/div><\/div>\n<div class=\"col-md-6 col-sm-6 col-xs-12 pt-cv-content-item pt-cv-1-col\" ><div class='pt-cv-ifield'><h4 class=\"pt-cv-title\"><a href=\"https:\/\/arser.org\/en\/proces-verbal-dassemblee-generale-2019\/\" class=\"_self\" target=\"_self\" >(Fran\u00e7ais) Proc\u00e8s verbal d&#8217;assembl\u00e9e g\u00e9n\u00e9rale 2019 du 9 novembre 2020<\/a><\/h4>\n<div class=\"pt-cv-content\">Sorry, this entry is only available in Fran\u00e7ais. www.arser.org Les membres de l\u2019Association ont \u00e9t\u00e9 convoqu\u00e9s par courrier \u00e9lectronique le ...<br \/><div class=\"pt-cv-rmwrap\"><a href=\"https:\/\/arser.org\/en\/proces-verbal-dassemblee-generale-2019\/\" class=\"_self pt-cv-readmore btn btn-success\" target=\"_self\">Lire La Suite<\/a><\/div><\/div>\n<div class=\"pt-cv-meta-fields\"><span class=\"entry-date\"> <time datetime=\"2021-01-11T10:53:42+00:00\">11 January 2021<\/time><\/span><\/div><\/div><\/div>\n<div class=\"col-md-6 col-sm-6 col-xs-12 pt-cv-content-item pt-cv-1-col\" ><div class='pt-cv-ifield'><h4 class=\"pt-cv-title\"><a href=\"https:\/\/arser.org\/en\/bonne-annee\/\" class=\"_self\" target=\"_self\" >Happy New Year!<\/a><\/h4>\n<div class=\"pt-cv-content\">2020!\u00a0\u00a0New year and new decade: new perspectives! To each of you, we wish a happy new year, with the best ...<br \/><div class=\"pt-cv-rmwrap\"><a href=\"https:\/\/arser.org\/en\/bonne-annee\/\" class=\"_self pt-cv-readmore btn btn-success\" target=\"_self\">Lire La Suite<\/a><\/div><\/div>\n<div class=\"pt-cv-meta-fields\"><span class=\"entry-date\"> <time datetime=\"2020-01-05T20:21:30+00:00\">5 January 2020<\/time><\/span><\/div><\/div><\/div>\n<div class=\"col-md-6 col-sm-6 col-xs-12 pt-cv-content-item pt-cv-1-col\" ><div class='pt-cv-ifield'><h4 class=\"pt-cv-title\"><a href=\"https:\/\/arser.org\/en\/chers-amis-larser-evolue\/\" class=\"_self\" target=\"_self\" >L&#8217;ARSER \u00e9volue. Nouveau site et forums en ligne.<\/a><\/h4>\n<div class=\"pt-cv-content\">Depuis sa cr\u00e9ation en 2010, l\u2019ARSER a assur\u00e9ment contribu\u00e9 \u00e0 une meilleure visibilit\u00e9 et connaissance des s\u00e9quelles de la radioth\u00e9rapie ...<br \/><div class=\"pt-cv-rmwrap\"><a href=\"https:\/\/arser.org\/en\/chers-amis-larser-evolue\/\" class=\"_self pt-cv-readmore btn btn-success\" target=\"_self\">Lire La Suite<\/a><\/div><\/div>\n<div class=\"pt-cv-meta-fields\"><span class=\"entry-date\"> <time datetime=\"2017-04-23T23:16:37+00:00\">23 April 2017<\/time><\/span><\/div><\/div><\/div>\n<div class=\"col-md-6 col-sm-6 col-xs-12 pt-cv-content-item pt-cv-1-col\" ><div class='pt-cv-ifield'><h4 class=\"pt-cv-title\"><a href=\"https:\/\/arser.org\/en\/clastoban-800-mg-comprime-pellicule-rupture-de-stock-pour-une-duree-indeterminee\/\" class=\"_self\" target=\"_self\" >Assembl\u00e9e g\u00e9n\u00e9rale 2018 de l&#8217;ARSER &#8211; Clastoban Rupture de stock<\/a><\/h4>\n<div class=\"pt-cv-content\">L&#8217;Assembl\u00e9e g\u00e9n\u00e9rale de l&#8217;ARSER\u00a0s&#8217;est tenue\u00a0le samedi 26 mai 2018 de 10:30 \u00e0 12:30, \u00e0 la Maison des Associations\u00a0rue du Ch\u00e2teau ...<br \/><div class=\"pt-cv-rmwrap\"><a href=\"https:\/\/arser.org\/en\/clastoban-800-mg-comprime-pellicule-rupture-de-stock-pour-une-duree-indeterminee\/\" class=\"_self pt-cv-readmore btn btn-success\" target=\"_self\">Lire La Suite<\/a><\/div><\/div>\n<div class=\"pt-cv-meta-fields\"><span class=\"entry-date\"> <time datetime=\"2018-03-17T18:15:51+00:00\">17 March 2018<\/time><\/span><\/div><\/div><\/div>\n<div class=\"col-md-6 col-sm-6 col-xs-12 pt-cv-content-item pt-cv-1-col\" ><div class='pt-cv-ifield'><h4 class=\"pt-cv-title\"><a href=\"https:\/\/arser.org\/en\/assemblee-generale-de-larser\/\" class=\"_self\" target=\"_self\" >Assembl\u00e9e g\u00e9n\u00e9rale 2019 de l&#8217;ARSER<\/a><\/h4>\n<div class=\"pt-cv-content\">L\u2019Assembl\u00e9e g\u00e9n\u00e9rale de l\u2019ARSER a eu lieu le samedi 25 mai 2019.\u00a0 Le compte-rendu vous sera adress\u00e9 prochainement ...<br \/><div class=\"pt-cv-rmwrap\"><a href=\"https:\/\/arser.org\/en\/assemblee-generale-de-larser\/\" class=\"_self pt-cv-readmore btn btn-success\" target=\"_self\">Lire La Suite<\/a><\/div><\/div>\n<div class=\"pt-cv-meta-fields\"><span class=\"entry-date\"> <time datetime=\"2019-03-24T17:03:47+00:00\">24 March 2019<\/time><\/span><\/div><\/div><\/div>\n<div class=\"col-md-6 col-sm-6 col-xs-12 pt-cv-content-item pt-cv-1-col\" ><div class='pt-cv-ifield'><h4 class=\"pt-cv-title\"><a href=\"https:\/\/arser.org\/en\/les-forums-ont-evolue\/\" class=\"_self\" target=\"_self\" >Les Forums \u00e9voluent<\/a><\/h4>\n<div class=\"pt-cv-content\">Chaque Forum permet aux individus qui y participent de sortir de l\u2019isolement de leur histoire singuli\u00e8re et d\u2019\u00e9changer sur leur ...<br \/><div class=\"pt-cv-rmwrap\"><a href=\"https:\/\/arser.org\/en\/les-forums-ont-evolue\/\" class=\"_self pt-cv-readmore btn btn-success\" target=\"_self\">Lire La Suite<\/a><\/div><\/div>\n<div class=\"pt-cv-meta-fields\"><span class=\"entry-date\"> <time datetime=\"2018-10-14T15:22:12+00:00\">14 October 2018<\/time><\/span><\/div><\/div><\/div>\n<div class=\"col-md-6 col-sm-6 col-xs-12 pt-cv-content-item pt-cv-1-col\" ><div class='pt-cv-ifield'><h4 class=\"pt-cv-title\"><a href=\"https:\/\/arser.org\/en\/english-souhaitons-nous-une-belle-annee-2018\/\" class=\"_self\" target=\"_self\" >Let\u2019s wish ourselves a happy new year 2018!<\/a><\/h4>\n<div class=\"pt-cv-content\">Make sure the year 2018 is beautiful, that it brings satisfaction and small pleasures on a daily basis: That is ...<br \/><div class=\"pt-cv-rmwrap\"><a href=\"https:\/\/arser.org\/en\/english-souhaitons-nous-une-belle-annee-2018\/\" class=\"_self pt-cv-readmore btn btn-success\" target=\"_self\">Lire La Suite<\/a><\/div><\/div>\n<div class=\"pt-cv-meta-fields\"><span class=\"entry-date\"> <time datetime=\"2018-01-08T18:30:43+00:00\">8 January 2018<\/time><\/span><\/div><\/div><\/div>\n<div class=\"col-md-6 col-sm-6 col-xs-12 pt-cv-content-item pt-cv-1-col\" ><div class='pt-cv-ifield'><h4 class=\"pt-cv-title\"><a href=\"https:\/\/arser.org\/en\/english-nouvelle-tresoriere-de-larser\/\" class=\"_self\" target=\"_self\" >Nouvelle Tr\u00e9sori\u00e8re de l\u2019ARSER<\/a><\/h4>\n<div class=\"pt-cv-content\">Compte tenu de\u00a0la disparition de notre Tr\u00e9sorier, Philippe R\u00e9migius, il \u00e9tait n\u00e9cessaire pour l\u2019ARSER de trouver une nouvelle personne pour ...<br \/><div class=\"pt-cv-rmwrap\"><a href=\"https:\/\/arser.org\/en\/english-nouvelle-tresoriere-de-larser\/\" class=\"_self pt-cv-readmore btn btn-success\" target=\"_self\">Lire La Suite<\/a><\/div><\/div>\n<div class=\"pt-cv-meta-fields\"><span class=\"entry-date\"> <time datetime=\"2017-09-21T18:09:56+00:00\">21 September 2017<\/time><\/span><\/div><\/div><\/div>\n<div class=\"col-md-6 col-sm-6 col-xs-12 pt-cv-content-item pt-cv-1-col\" ><div class='pt-cv-ifield'><h4 class=\"pt-cv-title\"><a href=\"https:\/\/arser.org\/en\/philippe-remigius-nous-a-quittes\/\" class=\"_self\" target=\"_self\" >Philippe REMIGIUS nous a quitt\u00e9s<\/a><\/h4>\n<div class=\"pt-cv-content\">C\u2019est avec une grande \u00e9motion que nous vous annon\u00e7ons la disparition de Philippe REMIGIUS, notre Tr\u00e9sorier, qui nous a quitt\u00e9s ...<br \/><div class=\"pt-cv-rmwrap\"><a href=\"https:\/\/arser.org\/en\/philippe-remigius-nous-a-quittes\/\" class=\"_self pt-cv-readmore btn btn-success\" target=\"_self\">Lire La Suite<\/a><\/div><\/div>\n<div class=\"pt-cv-meta-fields\"><span class=\"entry-date\"> <time datetime=\"2017-08-31T11:48:11+00:00\">31 August 2017<\/time><\/span><\/div><\/div><\/div>\n<div class=\"col-md-6 col-sm-6 col-xs-12 pt-cv-content-item pt-cv-1-col\" ><div class='pt-cv-ifield'><h4 class=\"pt-cv-title\"><a href=\"https:\/\/arser.org\/en\/pourquoi-un-nouveau-logo\/\" class=\"_self\" target=\"_self\" >La symbolique du nouveau logo de l&#8217;ARSER<\/a><\/h4>\n<div class=\"pt-cv-content\">L\u2019Association pour la Recherche sur les S\u00e9quelles de la Radioth\u00e9rapie a pour but de contribuer \u00e0 l\u2019avancement de la recherche ...<br \/><div class=\"pt-cv-rmwrap\"><a href=\"https:\/\/arser.org\/en\/pourquoi-un-nouveau-logo\/\" class=\"_self pt-cv-readmore btn btn-success\" target=\"_self\">Lire La Suite<\/a><\/div><\/div>\n<div class=\"pt-cv-meta-fields\"><span class=\"entry-date\"> <time datetime=\"2017-01-27T21:54:55+00:00\">27 January 2017<\/time><\/span><\/div><\/div><\/div>\n<div class=\"col-md-6 col-sm-6 col-xs-12 pt-cv-content-item pt-cv-1-col\" ><div class='pt-cv-ifield'><h4 class=\"pt-cv-title\"><a href=\"https:\/\/arser.org\/en\/cest-parti-le-forum-des-sequelles-de-la-radiotherapie-demarre-sur-larser\/\" class=\"_self\" target=\"_self\" >C&#8217;est parti : le forum des s\u00e9quelles de la radioth\u00e9rapie d\u00e9marre sur l&#8217;ARSER<\/a><\/h4>\n<div class=\"pt-cv-content\">J&#8217;ai le privil\u00e8ge en tant que pr\u00e9sidente de l&#8217;ARSER de lancer le d\u00e9bat&#8230; Je sais que dans chaque ville et ...<br \/><div class=\"pt-cv-rmwrap\"><a href=\"https:\/\/arser.org\/en\/cest-parti-le-forum-des-sequelles-de-la-radiotherapie-demarre-sur-larser\/\" class=\"_self pt-cv-readmore btn btn-success\" target=\"_self\">Lire La Suite<\/a><\/div><\/div>\n<div class=\"pt-cv-meta-fields\"><span class=\"entry-date\"> <time datetime=\"2015-11-09T14:28:55+00:00\">9 November 2015<\/time><\/span><\/div><\/div><\/div><\/div><\/div><\/div><\/p>","protected":false},"excerpt":{"rendered":"<p>Below is a selection of testimonials, articles, extracts from publication or reflections of our specialists on the progress of the research and chronicles of Association life. Good reading&#8230; Patient testimonials Papers, congresses, TV et editorials Chronicles and annals of Association life<\/p>\n","protected":false},"author":1,"featured_media":0,"parent":0,"menu_order":0,"comment_status":"closed","ping_status":"closed","template":"","meta":{"_bbp_topic_count":0,"_bbp_reply_count":0,"_bbp_total_topic_count":0,"_bbp_total_reply_count":0,"_bbp_voice_count":0,"_bbp_anonymous_reply_count":0,"_bbp_topic_count_hidden":0,"_bbp_reply_count_hidden":0,"_bbp_forum_subforum_count":0,"footnotes":""},"class_list":["post-86","page","type-page","status-publish","hentry"],"yoast_head":"<!-- This site is optimized with the Yoast SEO plugin v27.3 - https:\/\/yoast.com\/product\/yoast-seo-wordpress\/ -->\n<title>Testimonials, Papers &amp; Chronicles - Association pour la Recherche sur les S\u00e9quelles de la Radioth\u00e9rapie<\/title>\n<meta name=\"robots\" content=\"index, follow, max-snippet:-1, max-image-preview:large, max-video-preview:-1\" \/>\n<link rel=\"canonical\" href=\"https:\/\/arser.org\/en\/temoignages-actualites-chroniques\/\" \/>\n<meta property=\"og:locale\" content=\"en_US\" \/>\n<meta property=\"og:type\" content=\"article\" \/>\n<meta property=\"og:title\" content=\"Testimonials, Papers &amp; Chronicles - Association pour la Recherche sur les S\u00e9quelles de la Radioth\u00e9rapie\" \/>\n<meta property=\"og:description\" content=\"Below is a selection of testimonials, articles, extracts from publication or reflections of our specialists on the progress of the research and chronicles of Association life. Good reading&#8230; Patient testimonials Papers, congresses, TV et editorials Chronicles and annals of Association life\" \/>\n<meta property=\"og:url\" content=\"https:\/\/arser.org\/en\/temoignages-actualites-chroniques\/\" \/>\n<meta property=\"og:site_name\" content=\"Association pour la Recherche sur les S\u00e9quelles de la Radioth\u00e9rapie\" \/>\n<meta property=\"article:publisher\" content=\"https:\/\/www.facebook.com\/profile.php?id=100086562396208\" \/>\n<meta property=\"article:modified_time\" content=\"2024-06-05T15:28:55+00:00\" \/>\n<meta name=\"twitter:card\" content=\"summary_large_image\" \/>\n<meta name=\"twitter:label1\" content=\"Est. reading time\" \/>\n\t<meta name=\"twitter:data1\" content=\"1 minute\" \/>\n<script type=\"application\/ld+json\" class=\"yoast-schema-graph\">{\"@context\":\"https:\\\/\\\/schema.org\",\"@graph\":[{\"@type\":\"WebPage\",\"@id\":\"https:\\\/\\\/arser.org\\\/en\\\/temoignages-actualites-chroniques\\\/\",\"url\":\"https:\\\/\\\/arser.org\\\/en\\\/temoignages-actualites-chroniques\\\/\",\"name\":\"Testimonials, Papers & Chronicles - Association pour la Recherche sur les S\u00e9quelles de la Radioth\u00e9rapie\",\"isPartOf\":{\"@id\":\"https:\\\/\\\/arser.org\\\/en\\\/#website\"},\"datePublished\":\"2016-11-05T07:49:15+00:00\",\"dateModified\":\"2024-06-05T15:28:55+00:00\",\"breadcrumb\":{\"@id\":\"https:\\\/\\\/arser.org\\\/en\\\/temoignages-actualites-chroniques\\\/#breadcrumb\"},\"inLanguage\":\"en-US\",\"potentialAction\":[{\"@type\":\"ReadAction\",\"target\":[[\"https:\\\/\\\/arser.org\\\/en\\\/temoignages-actualites-chroniques\\\/\"]]}]},{\"@type\":\"BreadcrumbList\",\"@id\":\"https:\\\/\\\/arser.org\\\/en\\\/temoignages-actualites-chroniques\\\/#breadcrumb\",\"itemListElement\":[{\"@type\":\"ListItem\",\"position\":1,\"name\":\"Accueil\",\"item\":\"https:\\\/\\\/arser.org\\\/en\\\/\"},{\"@type\":\"ListItem\",\"position\":2,\"name\":\"T\u00e9moignages, Articles &#038; Chroniques\"}]},{\"@type\":\"WebSite\",\"@id\":\"https:\\\/\\\/arser.org\\\/en\\\/#website\",\"url\":\"https:\\\/\\\/arser.org\\\/en\\\/\",\"name\":\"Association pour la Recherche sur les S\u00e9quelles de la Radioth\u00e9rapie\",\"description\":\"To help patients who have undergone radiotherapy to minimize its after effects\",\"publisher\":{\"@id\":\"https:\\\/\\\/arser.org\\\/en\\\/#organization\"},\"potentialAction\":[{\"@type\":\"SearchAction\",\"target\":{\"@type\":\"EntryPoint\",\"urlTemplate\":\"https:\\\/\\\/arser.org\\\/en\\\/?s={search_term_string}\"},\"query-input\":{\"@type\":\"PropertyValueSpecification\",\"valueRequired\":true,\"valueName\":\"search_term_string\"}}],\"inLanguage\":\"en-US\"},{\"@type\":\"Organization\",\"@id\":\"https:\\\/\\\/arser.org\\\/en\\\/#organization\",\"name\":\"Association pour la Recherche sur les S\u00e9quelles de la Radioth\u00e9rapie\",\"url\":\"https:\\\/\\\/arser.org\\\/en\\\/\",\"logo\":{\"@type\":\"ImageObject\",\"inLanguage\":\"en-US\",\"@id\":\"https:\\\/\\\/arser.org\\\/en\\\/#\\\/schema\\\/logo\\\/image\\\/\",\"url\":\"https:\\\/\\\/arser.org\\\/wp-content\\\/uploads\\\/2022\\\/03\\\/logo-Grand-ARSER-web-carre.jpg\",\"contentUrl\":\"https:\\\/\\\/arser.org\\\/wp-content\\\/uploads\\\/2022\\\/03\\\/logo-Grand-ARSER-web-carre.jpg\",\"width\":300,\"height\":300,\"caption\":\"Association pour la Recherche sur les S\u00e9quelles de la Radioth\u00e9rapie\"},\"image\":{\"@id\":\"https:\\\/\\\/arser.org\\\/en\\\/#\\\/schema\\\/logo\\\/image\\\/\"},\"sameAs\":[\"https:\\\/\\\/www.facebook.com\\\/profile.php?id=100086562396208\"]}]}<\/script>\n<!-- \/ Yoast SEO plugin. -->","yoast_head_json":{"title":"Testimonials, Papers & Chronicles - Association pour la Recherche sur les S\u00e9quelles de la Radioth\u00e9rapie","robots":{"index":"index","follow":"follow","max-snippet":"max-snippet:-1","max-image-preview":"max-image-preview:large","max-video-preview":"max-video-preview:-1"},"canonical":"https:\/\/arser.org\/en\/temoignages-actualites-chroniques\/","og_locale":"en_US","og_type":"article","og_title":"Testimonials, Papers & Chronicles - Association pour la Recherche sur les S\u00e9quelles de la Radioth\u00e9rapie","og_description":"Below is a selection of testimonials, articles, extracts from publication or reflections of our specialists on the progress of the research and chronicles of Association life. Good reading&#8230; Patient testimonials Papers, congresses, TV et editorials Chronicles and annals of Association life","og_url":"https:\/\/arser.org\/en\/temoignages-actualites-chroniques\/","og_site_name":"Association pour la Recherche sur les S\u00e9quelles de la Radioth\u00e9rapie","article_publisher":"https:\/\/www.facebook.com\/profile.php?id=100086562396208","article_modified_time":"2024-06-05T15:28:55+00:00","twitter_card":"summary_large_image","twitter_misc":{"Est. reading time":"1 minute"},"schema":{"@context":"https:\/\/schema.org","@graph":[{"@type":"WebPage","@id":"https:\/\/arser.org\/en\/temoignages-actualites-chroniques\/","url":"https:\/\/arser.org\/en\/temoignages-actualites-chroniques\/","name":"Testimonials, Papers & Chronicles - Association pour la Recherche sur les S\u00e9quelles de la Radioth\u00e9rapie","isPartOf":{"@id":"https:\/\/arser.org\/en\/#website"},"datePublished":"2016-11-05T07:49:15+00:00","dateModified":"2024-06-05T15:28:55+00:00","breadcrumb":{"@id":"https:\/\/arser.org\/en\/temoignages-actualites-chroniques\/#breadcrumb"},"inLanguage":"en-US","potentialAction":[{"@type":"ReadAction","target":[["https:\/\/arser.org\/en\/temoignages-actualites-chroniques\/"]]}]},{"@type":"BreadcrumbList","@id":"https:\/\/arser.org\/en\/temoignages-actualites-chroniques\/#breadcrumb","itemListElement":[{"@type":"ListItem","position":1,"name":"Accueil","item":"https:\/\/arser.org\/en\/"},{"@type":"ListItem","position":2,"name":"T\u00e9moignages, Articles &#038; Chroniques"}]},{"@type":"WebSite","@id":"https:\/\/arser.org\/en\/#website","url":"https:\/\/arser.org\/en\/","name":"Association pour la Recherche sur les S\u00e9quelles de la Radioth\u00e9rapie","description":"To help patients who have undergone radiotherapy to minimize its after effects","publisher":{"@id":"https:\/\/arser.org\/en\/#organization"},"potentialAction":[{"@type":"SearchAction","target":{"@type":"EntryPoint","urlTemplate":"https:\/\/arser.org\/en\/?s={search_term_string}"},"query-input":{"@type":"PropertyValueSpecification","valueRequired":true,"valueName":"search_term_string"}}],"inLanguage":"en-US"},{"@type":"Organization","@id":"https:\/\/arser.org\/en\/#organization","name":"Association pour la Recherche sur les S\u00e9quelles de la Radioth\u00e9rapie","url":"https:\/\/arser.org\/en\/","logo":{"@type":"ImageObject","inLanguage":"en-US","@id":"https:\/\/arser.org\/en\/#\/schema\/logo\/image\/","url":"https:\/\/arser.org\/wp-content\/uploads\/2022\/03\/logo-Grand-ARSER-web-carre.jpg","contentUrl":"https:\/\/arser.org\/wp-content\/uploads\/2022\/03\/logo-Grand-ARSER-web-carre.jpg","width":300,"height":300,"caption":"Association pour la Recherche sur les S\u00e9quelles de la Radioth\u00e9rapie"},"image":{"@id":"https:\/\/arser.org\/en\/#\/schema\/logo\/image\/"},"sameAs":["https:\/\/www.facebook.com\/profile.php?id=100086562396208"]}]}},"_links":{"self":[{"href":"https:\/\/arser.org\/en\/wp-json\/wp\/v2\/pages\/86","targetHints":{"allow":["GET"]}}],"collection":[{"href":"https:\/\/arser.org\/en\/wp-json\/wp\/v2\/pages"}],"about":[{"href":"https:\/\/arser.org\/en\/wp-json\/wp\/v2\/types\/page"}],"author":[{"embeddable":true,"href":"https:\/\/arser.org\/en\/wp-json\/wp\/v2\/users\/1"}],"replies":[{"embeddable":true,"href":"https:\/\/arser.org\/en\/wp-json\/wp\/v2\/comments?post=86"}],"version-history":[{"count":28,"href":"https:\/\/arser.org\/en\/wp-json\/wp\/v2\/pages\/86\/revisions"}],"predecessor-version":[{"id":15613,"href":"https:\/\/arser.org\/en\/wp-json\/wp\/v2\/pages\/86\/revisions\/15613"}],"wp:attachment":[{"href":"https:\/\/arser.org\/en\/wp-json\/wp\/v2\/media?parent=86"}],"curies":[{"name":"wp","href":"https:\/\/api.w.org\/{rel}","templated":true}]}}